{"id":21,"date":"2020-01-02T13:49:54","date_gmt":"2020-01-02T10:49:54","guid":{"rendered":"http:\/\/demo.safirtema.com\/maya\/?page_id=21"},"modified":"2024-12-14T11:29:37","modified_gmt":"2024-12-14T08:29:37","slug":"sikca-sorulan-sorular","status":"publish","type":"page","link":"https:\/\/ikdenge.com\/index.php\/sikca-sorulan-sorular\/","title":{"rendered":"S\u0131k\u00e7a Sorulan Sorular"},"content":{"rendered":"\n<p>Bu sayfada\u00a0sekt\u00f6r\u00fcm\u00fcz ve firmam\u0131zla ilgili bir soru cevap sayfas\u0131 g\u00f6rmektesiniz.<\/p>\n\n\n\n<div class=\"wp-block-safirtema-sorucevap safir-faq\"><div class=\"question\"><div class=\"icon\"><\/div><span class=\"text\">Personel se\u00e7me s\u00fcreci nas\u0131l i\u015fler?<\/span><div class=\"openclose\"><\/div><\/div><p class=\"answer\">Personel se\u00e7me s\u00fcreci, adaylar\u0131n yetkinliklerinin ve i\u015fletmenizin k\u00fclt\u00fcr\u00fcne uyumlar\u0131n\u0131n de\u011ferlendirildi\u011fi kapsaml\u0131 bir ad\u0131md\u0131r. S\u00fcre\u00e7 genellikle \u015fu a\u015famalardan olu\u015fur: \u0130\u015fe al\u0131m ihtiyac\u0131n\u0131z\u0131n belirlenmesi, i\u015f ilan\u0131n\u0131n haz\u0131rlanmas\u0131, ba\u015fvurular\u0131n al\u0131nmas\u0131, adaylar\u0131n m\u00fclakat ve yetkinlik testlerine tabi tutulmas\u0131, ard\u0131ndan ise en uygun aday\u0131n se\u00e7ilerek i\u015fe yerle\u015ftirilmesi. T\u00fcm bu s\u00fcre\u00e7 boyunca, i\u015fe al\u0131m uzmanlar\u0131m\u0131z adaylar\u0131n\u0131z\u0131 titizlikle de\u011ferlendirir ve sadece teknik becerilere de\u011fil, k\u00fclt\u00fcrel uyum ve motivasyona da dikkat eder.<\/p><\/div>\n\n\n\n<div class=\"wp-block-safirtema-sorucevap safir-faq\"><div class=\"question\"><div class=\"icon\"><\/div><span class=\"text\">Esnek i\u015f g\u00fcc\u00fc temini nedir ve nas\u0131l fayda sa\u011flar?<\/span><div class=\"openclose\"><\/div><\/div><p class=\"answer\">Esnek i\u015f g\u00fcc\u00fc temini, \u015firketinizin k\u0131sa s\u00fcreli, proje bazl\u0131 veya sezonluk ihtiya\u00e7lar\u0131 do\u011frultusunda personel temini yapmam\u0131z\u0131 sa\u011flar. Bu sayede, i\u015f g\u00fcc\u00fc ihtiyac\u0131n\u0131z\u0131n artt\u0131\u011f\u0131 d\u00f6nemlerde h\u0131zl\u0131ca destek alabilir, d\u00fc\u015f\u00fck talep d\u00f6nemlerinde ise gereksiz personel maliyetlerinden ka\u00e7\u0131nabilirsiniz. Esnek i\u015f g\u00fcc\u00fc, i\u015f s\u00fcre\u00e7lerinizin verimlili\u011fini art\u0131r\u0131rken, ayn\u0131 zamanda operasyonel esneklik sunar. Bu hizmet, \u00f6zellikle projelerde yo\u011funla\u015fan ve dinamik i\u015f g\u00fcc\u00fc ihtiya\u00e7lar\u0131 olan firmalar i\u00e7in olduk\u00e7a faydal\u0131d\u0131r.<\/p><\/div>\n\n\n\n<div class=\"wp-block-safirtema-sorucevap safir-faq\"><div class=\"question\"><div class=\"safiricon icon\"><svg class=\"safiricon-icon25\"><use href=\"#safiricon-icon25\"><\/use><\/svg><\/div><span class=\"text\">Bordrolama hizmetleri neden d\u0131\u015far\u0131dan al\u0131nmal\u0131?<\/span><div class=\"openclose plus\"><\/div><\/div><p class=\"answer\">Bordrolama i\u015flemleri, yasal d\u00fczenlemelere ve s\u00fcrekli de\u011fi\u015fen vergi, sigorta gibi mevzuatlara tam uyum sa\u011flanmas\u0131n\u0131 gerektirir. Bu s\u00fcre\u00e7, zaman al\u0131c\u0131 ve karma\u015f\u0131k olabilir. D\u0131\u015far\u0131dan bordrolama hizmeti almak, bu y\u00fck\u00fc \u00fczerinizden al\u0131r ve uzmanlar\u0131m\u0131z\u0131n bu s\u00fcreci do\u011fru, h\u0131zl\u0131 ve yasalara uygun bir \u015fekilde y\u00f6netmesini sa\u011flar. Ayr\u0131ca, bordro hatalar\u0131 veya yasal uyumsuzluklardan kaynaklanacak olas\u0131 cezalar\u0131n \u00f6n\u00fcne ge\u00e7ilmesini sa\u011flar.\n<\/p><\/div>\n\n\n\n<div class=\"wp-block-safirtema-sorucevap safir-faq\"><div class=\"question\"><div class=\"icon\"><\/div><span class=\"text\">\u0130\u015fe al\u0131m s\u00fcre\u00e7lerinde nelere dikkat edilmelidir?<\/span><div class=\"openclose\"><\/div><\/div><p class=\"answer\">\u0130\u015fe al\u0131m s\u00fcrecinde dikkat edilmesi gereken en \u00f6nemli fakt\u00f6r, do\u011fru aday\u0131 se\u00e7mek i\u00e7in s\u00fcrecin her a\u015famas\u0131nda sistemli ve objektif bir yakla\u015f\u0131m sergilemektir. \u0130\u015fe al\u0131m s\u00fcreci \u015funlar\u0131 i\u00e7erir: do\u011fru i\u015f tan\u0131m\u0131n\u0131n olu\u015fturulmas\u0131, adaylar\u0131n niteliklerinin ve i\u015f deneyimlerinin dikkatlice incelenmesi, m\u00fclakat s\u00fcrecinde ki\u015fisel uyum ve motivasyon fakt\u00f6rlerinin de\u011ferlendirilmesi, ve son olarak referans kontrollerinin yap\u0131lmas\u0131. Ayr\u0131ca, i\u015fe al\u0131m s\u00fcre\u00e7lerinde \u015feffafl\u0131k ve aday deneyimi de \u00f6nemli rol oynar.<\/p><\/div>\n\n\n\n<div class=\"wp-block-safirtema-sorucevap safir-faq\"><div class=\"question\"><div class=\"icon\"><\/div><span class=\"text\">E\u011fitim ve dan\u0131\u015fmanl\u0131k hizmetleri hangi alanlarda verilmektedir?<\/span><div class=\"openclose\"><\/div><\/div><p class=\"answer\">E\u011fitim ve dan\u0131\u015fmanl\u0131k hizmetlerimiz, ba\u015fta insan kaynaklar\u0131 ve y\u00f6netim becerileri olmak \u00fczere geni\u015f bir yelpazeye sahiptir. \u00c7al\u0131\u015fanlar\u0131n\u0131z\u0131, liderlik, tak\u0131m \u00e7al\u0131\u015fmas\u0131, ileti\u015fim becerileri, zaman y\u00f6netimi gibi konularda e\u011fitiyor; ayn\u0131 zamanda i\u015fletmenizin ihtiya\u00e7lar\u0131na \u00f6zel sekt\u00f6rel dan\u0131\u015fmanl\u0131k hizmeti sunuyoruz. E\u011fitimler, \u00f6zellikle performans art\u0131\u015f\u0131 sa\u011flamak, \u00e7al\u0131\u015fan memnuniyetini art\u0131rmak ve i\u015f s\u00fcre\u00e7lerini iyile\u015ftirmek isteyen firmalar i\u00e7in etkili bir \u00e7\u00f6z\u00fcm sunar.<\/p><\/div>\n\n\n\n<div class=\"wp-block-safirtema-sorucevap safir-faq\"><div class=\"question\"><div class=\"icon\"><\/div><span class=\"text\">Ge\u00e7ici i\u015f g\u00fcc\u00fc ile kal\u0131c\u0131 personel aras\u0131ndaki farklar nelerdir?<\/span><div class=\"openclose\"><\/div><\/div><p class=\"answer\">Ge\u00e7ici i\u015f g\u00fcc\u00fc, belirli bir s\u00fcre i\u00e7in, genellikle sezonluk ya da proje bazl\u0131 \u00e7al\u0131\u015fan personeldir. Ge\u00e7ici i\u015f g\u00fcc\u00fc, belirli bir zaman diliminde artan i\u015f y\u00fck\u00fcn\u00fc kar\u015f\u0131lamak i\u00e7in idealdir. Kal\u0131c\u0131 personel ise \u015firketinizin s\u00fcrekli bir par\u00e7as\u0131 olarak, uzun vadeli bir katk\u0131 sa\u011flar. Ge\u00e7ici i\u015f g\u00fcc\u00fc, esnek i\u015f g\u00fcc\u00fc temini ve maliyet verimlili\u011fi sa\u011flarken, kal\u0131c\u0131 personel uzun vadeli i\u015f s\u00fcre\u00e7leri ve \u015firketin k\u00fclt\u00fcr\u00fcne uyum sa\u011flamada kritik rol oynar.<\/p><\/div>\n","protected":false},"excerpt":{"rendered":"<p>Bu sayfada\u00a0sekt\u00f6r\u00fcm\u00fcz ve firmam\u0131zla ilgili bir soru cevap sayfas\u0131 g\u00f6rmektesiniz. Personel se\u00e7me s\u00fcreci nas\u0131l i\u015fler? Personel se\u00e7me s\u00fcreci, adaylar\u0131n yetkinliklerinin ve i\u015fletmenizin k\u00fclt\u00fcr\u00fcne uyumlar\u0131n\u0131n de\u011ferlendirildi\u011fi kapsaml\u0131 bir ad\u0131md\u0131r. S\u00fcre\u00e7 genellikle \u015fu a\u015famalardan olu\u015fur: \u0130\u015fe al\u0131m ihtiyac\u0131n\u0131z\u0131n belirlenmesi, i\u015f ilan\u0131n\u0131n haz\u0131rlanmas\u0131, ba\u015fvurular\u0131n al\u0131nmas\u0131, adaylar\u0131n m\u00fclakat ve yetkinlik testlerine tabi tutulmas\u0131, ard\u0131ndan ise en uygun aday\u0131n se\u00e7ilerek [&hellip;]<\/p>\n","protected":false},"author":1,"featured_media":0,"parent":0,"menu_order":0,"comment_status":"closed","ping_status":"closed","template":"","meta":{"footnotes":""},"class_list":["post-21","page","type-page","status-publish","hentry"],"_links":{"self":[{"href":"https:\/\/ikdenge.com\/index.php\/wp-json\/wp\/v2\/pages\/21","targetHints":{"allow":["GET"]}}],"collection":[{"href":"https:\/\/ikdenge.com\/index.php\/wp-json\/wp\/v2\/pages"}],"about":[{"href":"https:\/\/ikdenge.com\/index.php\/wp-json\/wp\/v2\/types\/page"}],"author":[{"embeddable":true,"href":"https:\/\/ikdenge.com\/index.php\/wp-json\/wp\/v2\/users\/1"}],"replies":[{"embeddable":true,"href":"https:\/\/ikdenge.com\/index.php\/wp-json\/wp\/v2\/comments?post=21"}],"version-history":[{"count":6,"href":"https:\/\/ikdenge.com\/index.php\/wp-json\/wp\/v2\/pages\/21\/revisions"}],"predecessor-version":[{"id":337,"href":"https:\/\/ikdenge.com\/index.php\/wp-json\/wp\/v2\/pages\/21\/revisions\/337"}],"wp:attachment":[{"href":"https:\/\/ikdenge.com\/index.php\/wp-json\/wp\/v2\/media?parent=21"}],"curies":[{"name":"wp","href":"https:\/\/api.w.org\/{rel}","templated":true}]}}